{"id":143,"date":"2023-04-06T14:01:56","date_gmt":"2023-04-06T14:01:56","guid":{"rendered":"https:\/\/facingviolence.org\/?page_id=143"},"modified":"2023-05-30T09:46:59","modified_gmt":"2023-05-30T09:46:59","slug":"il-canto-della-farfalla","status":"publish","type":"page","link":"https:\/\/facingviolence.org\/?page_id=143","title":{"rendered":"Il canto della Farfalla"},"content":{"rendered":"<p>[et_pb_section fb_built=&#8221;1&#8243; admin_label=&#8221;Header Section&#8221; _builder_version=&#8221;4.9.7&#8243; background_color=&#8221;#9573D9&#8243; background_image=&#8221;https:\/\/facingviolence.org\/wp-content\/uploads\/2023\/04\/02_poster-scaled.jpg&#8221; background_size=&#8221;initial&#8221; background_position=&#8221;bottom_right&#8221; background_blend=&#8221;lighten&#8221; custom_margin=&#8221;0px||||false|false&#8221; custom_padding=&#8221;0px||||false|false&#8221; locked=&#8221;off&#8221;][et_pb_row _builder_version=&#8221;4.9.7&#8243; _module_preset=&#8221;default&#8221; width=&#8221;100%&#8221; max_width=&#8221;1524px&#8221; custom_margin=&#8221;0px||||false|false&#8221; custom_padding=&#8221;0px||||false|false&#8221;][et_pb_column type=&#8221;4_4&#8243; _builder_version=&#8221;4.9.7&#8243; _module_preset=&#8221;default&#8221;][et_pb_video src=&#8221;https:\/\/vimeo.com\/807069422&#8243; image_src=&#8221;https:\/\/facingviolence.org\/wp-content\/uploads\/2023\/04\/02-il-canto-della-farfalla_12-scaled.jpg&#8221; _builder_version=&#8221;4.9.7&#8243; _module_preset=&#8221;default&#8221; width=&#8221;100%&#8221;][\/et_pb_video][\/et_pb_column][\/et_pb_row][et_pb_row column_structure=&#8221;1_2,1_2&#8243; disabled_on=&#8221;on|on|off&#8221; admin_label=&#8221;Header Row&#8221; _builder_version=&#8221;4.9.7&#8243; custom_margin=&#8221;4%||||false|false&#8221; custom_padding=&#8221;0px||0.6%||false|false&#8221;][et_pb_column type=&#8221;1_2&#8243; _builder_version=&#8221;3.25&#8243; custom_padding=&#8221;|||&#8221; custom_padding__hover=&#8221;|||&#8221;][\/et_pb_column][et_pb_column type=&#8221;1_2&#8243; _builder_version=&#8221;4.9.7&#8243; custom_padding=&#8221;|||&#8221; custom_padding__hover=&#8221;|||&#8221;][\/et_pb_column][\/et_pb_row][et_pb_row column_structure=&#8221;1_2,1_2&#8243; use_custom_gutter=&#8221;on&#8221; gutter_width=&#8221;1&#8243; admin_label=&#8221;Intro Row&#8221; module_class=&#8221; et_pb_row_fullwidth&#8221; _builder_version=&#8221;4.9.7&#8243; width=&#8221;100%&#8221; width_tablet=&#8221;100%&#8221; width_phone=&#8221;&#8221; width_last_edited=&#8221;on|desktop&#8221; max_width=&#8221;100%&#8221; max_width_tablet=&#8221;100%&#8221; max_width_phone=&#8221;&#8221; max_width_last_edited=&#8221;on|desktop&#8221; custom_margin=&#8221;100px||30%||false|false&#8221; custom_margin_tablet=&#8221;&#8221; custom_margin_phone=&#8221;0px||6%||false|false&#8221; custom_margin_last_edited=&#8221;on|phone&#8221; custom_padding=&#8221;|||&#8221; make_fullwidth=&#8221;on&#8221;][et_pb_column type=&#8221;1_2&#8243; _builder_version=&#8221;4.9.7&#8243; background_color=&#8221;#360070&#8243; custom_padding=&#8221;|||&#8221; custom_padding__hover=&#8221;|||&#8221;][et_pb_text admin_label=&#8221;Title &#038; Paragraph&#8221; _builder_version=&#8221;4.9.7&#8243; text_font=&#8221;|600|||||||&#8221; text_text_color=&#8221;#54D9CE&#8221; text_font_size=&#8221;18px&#8221; text_line_height=&#8221;1.8em&#8221; header_font=&#8221;||||||||&#8221; header_2_font=&#8221;Bebas Neue|700|on||||||&#8221; header_2_text_color=&#8221;#000000&#8243; header_2_font_size=&#8221;90px&#8221; header_2_line_height=&#8221;0.8em&#8221; background_layout=&#8221;dark&#8221; max_width=&#8221;600px&#8221; max_width_tablet=&#8221;&#8221; max_width_phone=&#8221;&#8221; max_width_last_edited=&#8221;on|phone&#8221; module_alignment=&#8221;right&#8221; custom_margin=&#8221;|||&#8221; custom_padding=&#8221;100px|60px|100px|60px&#8221; custom_padding_tablet=&#8221;&#8221; custom_padding_phone=&#8221;|44px||44px|false|true&#8221; custom_padding_last_edited=&#8221;on|desktop&#8221;]<\/p>\n<p><span style=\"font-weight: 400;\">Nell\u2019intimit\u00e0 di una casa in una qualsiasi citt\u00e0 del mondo, \u00e8 possibile prestando il dovuto ascolto, cogliere il riecheggiare di voci sovrapposte che tessono la <strong>trama collettiva<\/strong> emozionante e a volte spiazzante del dire certe cose ad alta voce, <strong>senza provare paura di essere giudicate<\/strong> o considerate mancanti. Sei donne di et\u00e0, provenienza e formazioni diverse, si incontrano per un ciclo di sette incontri laboratoriali (da maggio a ottobre 2022) durante i quali, <strong>il complesso tema della violenza di genere<\/strong> viene affrontato e scandagliato partendo dalla propria condizione personale (donne etero cisgender). La scelta di non coinvolgere attrici professioniste ma persone comuni, permette allo spettatore di far esperienza del <strong>processo dialogico<\/strong> invece che confinarlo in una \u201cmessa in scena\u201d della violenza di genere.<\/span><\/p>\n<p>[\/et_pb_text][\/et_pb_column][et_pb_column type=&#8221;1_2&#8243; _builder_version=&#8221;3.25&#8243; custom_padding=&#8221;|||&#8221; custom_padding__hover=&#8221;|||&#8221;][et_pb_cta title=&#8221;Il canto della farfalla&#8221; button_url=&#8221;#top&#8221; admin_label=&#8221;Heading, Subheading &#038; CTA Button&#8221; _builder_version=&#8221;4.9.7&#8243; header_level=&#8221;h1&#8243; header_font=&#8221;Krona One|800|||||||&#8221; header_text_align=&#8221;left&#8221; header_text_color=&#8221;#54D9CE&#8221; header_font_size=&#8221;103px&#8221; body_font=&#8221;||||||||&#8221; body_text_align=&#8221;left&#8221; body_text_color=&#8221;#360070&#8243; body_font_size=&#8221;22px&#8221; body_line_height=&#8221;1.6em&#8221; use_background_color=&#8221;off&#8221; custom_button=&#8221;on&#8221; button_text_size=&#8221;16px&#8221; button_text_color=&#8221;#ffffff&#8221; button_bg_color=&#8221;#f4583f&#8221; button_border_width=&#8221;10px&#8221; button_border_color=&#8221;#f4583f&#8221; button_border_radius=&#8221;0px&#8221; button_font=&#8221;|700|||||||&#8221; button_use_icon=&#8221;off&#8221; background_layout=&#8221;light&#8221; custom_margin=&#8221;5%|6%||6%|false|true&#8221; custom_margin_tablet=&#8221;3vw||3vw|&#8221; custom_margin_phone=&#8221;10vw|35px||35px|false|true&#8221; custom_margin_last_edited=&#8221;on|phone&#8221; animation_style=&#8221;fade&#8221; header_font_size_tablet=&#8221;75px&#8221; header_font_size_phone=&#8221;50px&#8221; header_font_size_last_edited=&#8221;on|phone&#8221; body_font_size_tablet=&#8221;&#8221; body_font_size_phone=&#8221;20px&#8221; body_font_size_last_edited=&#8221;on|tablet&#8221; button_border_radius_hover=&#8221;0px&#8221; button_text_size__hover_enabled=&#8221;off&#8221; button_one_text_size__hover_enabled=&#8221;off&#8221; button_two_text_size__hover_enabled=&#8221;off&#8221; button_text_color__hover_enabled=&#8221;off&#8221; button_one_text_color__hover_enabled=&#8221;off&#8221; button_two_text_color__hover_enabled=&#8221;off&#8221; button_border_width__hover_enabled=&#8221;off&#8221; button_one_border_width__hover_enabled=&#8221;off&#8221; button_two_border_width__hover_enabled=&#8221;off&#8221; button_border_color__hover_enabled=&#8221;off&#8221; button_one_border_color__hover_enabled=&#8221;off&#8221; button_two_border_color__hover_enabled=&#8221;off&#8221; button_border_radius__hover_enabled=&#8221;on&#8221; button_border_radius__hover=&#8221;0px&#8221; button_one_border_radius__hover_enabled=&#8221;off&#8221; button_two_border_radius__hover_enabled=&#8221;off&#8221; button_letter_spacing__hover_enabled=&#8221;off&#8221; button_one_letter_spacing__hover_enabled=&#8221;off&#8221; button_two_letter_spacing__hover_enabled=&#8221;off&#8221; button_bg_color__hover_enabled=&#8221;off&#8221; button_one_bg_color__hover_enabled=&#8221;off&#8221; button_two_bg_color__hover_enabled=&#8221;off&#8221;]<\/p>\n<p>Un documentario partecipato sulla violenza di genere prodotto dal Dipartimento di Psicologia dello Sviluppo e della Socializzazione dell&#8217;Universit\u00e0 di Padova.<\/p>\n<p>[\/et_pb_cta][\/et_pb_column][\/et_pb_row][\/et_pb_section][et_pb_section fb_built=&#8221;1&#8243; admin_label=&#8221;Our Works CTA Section&#8221; _builder_version=&#8221;4.9.7&#8243; background_color=&#8221;#360070&#8243; custom_padding=&#8221;54px|0px|0px|0px&#8221;][et_pb_row column_structure=&#8221;2_5,3_5&#8243; admin_label=&#8221;Texts Row&#8221; _builder_version=&#8221;4.9.7&#8243; custom_margin=&#8221;|||&#8221; custom_padding=&#8221;|||&#8221;][et_pb_column type=&#8221;2_5&#8243; _builder_version=&#8221;3.25&#8243; custom_padding=&#8221;|||&#8221; custom_padding__hover=&#8221;|||&#8221;][et_pb_text admin_label=&#8221;Title&#8221; _builder_version=&#8221;4.9.7&#8243; text_font=&#8221;|600|||||||&#8221; text_text_color=&#8221;#737373&#8243; text_font_size=&#8221;18px&#8221; header_font=&#8221;||||||||&#8221; header_2_font=&#8221;Krona One|700|||||||&#8221; header_2_text_color=&#8221;#54D9CE&#8221; header_2_font_size=&#8221;31px&#8221; header_2_line_height=&#8221;1.2em&#8221; header_3_font=&#8221;||||||||&#8221; header_4_font=&#8221;||||||||&#8221; header_5_font=&#8221;||||||||&#8221; header_6_font=&#8221;||||||||&#8221; max_width_last_edited=&#8221;off|desktop&#8221; custom_margin=&#8221;|||&#8221; custom_padding=&#8221;|||&#8221; custom_padding_last_edited=&#8221;off|desktop&#8221; header_2_font_size_tablet=&#8221;32px&#8221; header_2_font_size_phone=&#8221;28px&#8221; header_2_font_size_last_edited=&#8221;on|tablet&#8221;]<\/p>\n<h2>Cos\u2019\u00e8 per te la violenza di genere?<\/h2>\n<p>&nbsp;<\/p>\n<h2>Quali sono le sue forme e i suoi attori?<\/h2>\n<p>[\/et_pb_text][\/et_pb_column][et_pb_column type=&#8221;3_5&#8243; _builder_version=&#8221;3.25&#8243; custom_padding=&#8221;|||&#8221; custom_padding__hover=&#8221;|||&#8221;][et_pb_text admin_label=&#8221;Paragraph&#8221; _builder_version=&#8221;4.9.7&#8243; text_font=&#8221;|600|||||||&#8221; text_text_color=&#8221;#54D9CE&#8221; text_font_size=&#8221;18px&#8221; text_line_height=&#8221;1.8em&#8221; header_font=&#8221;||||||||&#8221; header_2_font=&#8221;Muli|700|||||||&#8221; header_2_text_color=&#8221;#ffffff&#8221; header_2_font_size=&#8221;50px&#8221; header_2_line_height=&#8221;1.4em&#8221; max_width_last_edited=&#8221;off|desktop&#8221; custom_margin=&#8221;|||&#8221; custom_padding=&#8221;||||false|false&#8221; custom_padding_last_edited=&#8221;off|desktop&#8221;]<\/p>\n<p><span style=\"font-weight: 400;\"><strong>Il canto della farfalla<\/strong> \u00e8 la restituzione audiovisiva di questo viaggio e vuole essere uno scorcio, un\u2019apertura non esaustiva, e soprattutto non rappresentativa, che pi\u00f9 che trovare delle risposte desidera suscitarne delle altre negli spettatori.<\/span><\/p>\n<p><span style=\"font-weight: 400;\">La macchina da presa \u00e8 stata quindi la settima partecipante, l\u2019<strong>occhio meccanico<\/strong> ma allo stesso tempo capace di uno <strong>sguardo intimo<\/strong>, e, nonostante il tema, a tratti ironico.<\/span><\/p>\n<p>[\/et_pb_text][\/et_pb_column][\/et_pb_row][et_pb_row admin_label=&#8221;Image Row&#8221; _builder_version=&#8221;3.25&#8243; width=&#8221;100%&#8221; max_width=&#8221;100%&#8221; custom_padding=&#8221;|10%|0px|&#8221; use_custom_width=&#8221;on&#8221; width_unit=&#8221;off&#8221; custom_width_percent=&#8221;100%&#8221;][et_pb_column type=&#8221;4_4&#8243; _builder_version=&#8221;3.25&#8243; custom_padding=&#8221;|||&#8221; custom_padding__hover=&#8221;|||&#8221;][et_pb_image src=&#8221;https:\/\/facingviolence.org\/wp-content\/uploads\/2023\/04\/02-foto-noi-sito-copia-scaled-1.jpg&#8221; title_text=&#8221;02-foto-noi-sito-copia-scaled&#8221; force_fullwidth=&#8221;on&#8221; _builder_version=&#8221;4.9.7&#8243; module_alignment=&#8221;left&#8221; always_center_on_mobile=&#8221;off&#8221;][\/et_pb_image][\/et_pb_column][\/et_pb_row][\/et_pb_section][et_pb_section fb_built=&#8221;1&#8243; _builder_version=&#8221;4.9.7&#8243; _module_preset=&#8221;default&#8221; background_color=&#8221;#9573D9&#8243;][et_pb_row _builder_version=&#8221;4.9.7&#8243; _module_preset=&#8221;default&#8221;][et_pb_column type=&#8221;4_4&#8243; _builder_version=&#8221;4.9.7&#8243; _module_preset=&#8221;default&#8221;][et_pb_text _builder_version=&#8221;4.9.7&#8243; _module_preset=&#8221;default&#8221; header_2_font=&#8221;Krona One|700|||||||&#8221; header_2_text_color=&#8221;#54D9CE&#8221; header_2_font_size=&#8221;73px&#8221; header_2_line_height=&#8221;1.4em&#8221; header_2_font_size_tablet=&#8221;&#8221; header_2_font_size_phone=&#8221;45px&#8221; header_2_font_size_last_edited=&#8221;on|desktop&#8221;]<\/p>\n<h2>Il gruppo di lavoro<\/h2>\n<p>[\/et_pb_text][\/et_pb_column][\/et_pb_row][et_pb_row column_structure=&#8221;1_3,1_3,1_3&#8243; _builder_version=&#8221;4.9.7&#8243; _module_preset=&#8221;default&#8221;][et_pb_column type=&#8221;1_3&#8243; _builder_version=&#8221;4.9.7&#8243; _module_preset=&#8221;default&#8221;][et_pb_text _builder_version=&#8221;4.9.7&#8243; _module_preset=&#8221;default&#8221; text_text_color=&#8221;#360070&#8243; header_3_font=&#8221;Krona One|700|||||||&#8221; header_3_text_color=&#8221;#54D9CE&#8221;]<\/p>\n<h3><b>Maria Desiderio<\/b><\/h3>\n<p><span style=\"font-weight: 400;\"><\/span><\/p>\n<p>Nata a Roma nel 1986, si occupa di scrittura nelle sue diverse declinazioni, con un particolare focus su come il linguaggio narrativo si possa intrecciare ad altre forme di espressione artistica.<\/p>\n<p>[\/et_pb_text][\/et_pb_column][et_pb_column type=&#8221;1_3&#8243; _builder_version=&#8221;4.9.7&#8243; _module_preset=&#8221;default&#8221;][et_pb_text _builder_version=&#8221;4.9.7&#8243; _module_preset=&#8221;default&#8221; text_text_color=&#8221;#360070&#8243; header_3_font=&#8221;Krona One|700|||||||&#8221; header_3_text_color=&#8221;#54D9CE&#8221;]<\/p>\n<h3>Valeria Fabris<\/h3>\n<p><span style=\"font-weight: 400;\"><\/span><\/p>\n<p>Nata a Padova nel 1976, lavora come filmmaker in ambito aziendale e cinematografico. Realizza video e documentari, spaziando fra i generi e raccontando, attraverso lo sguardo intimo e curioso della videocamera, storie di piccole grandi rivoluzioni.<\/p>\n<p>[\/et_pb_text][\/et_pb_column][et_pb_column type=&#8221;1_3&#8243; _builder_version=&#8221;4.9.7&#8243; _module_preset=&#8221;default&#8221;][et_pb_text _builder_version=&#8221;4.9.7&#8243; _module_preset=&#8221;default&#8221; text_text_color=&#8221;#360070&#8243; header_3_font=&#8221;Krona One|700|||||||&#8221; header_3_text_color=&#8221;#54D9CE&#8221;]<\/p>\n<h3>Chiara<b> Straccamore<\/b><\/h3>\n<p><span style=\"font-weight: 400;\"><\/span><\/p>\n<p><span>Nata ad Alatri (FR) nel 1979, \u00e8 un\u2019insegnante di sostegno precaria. <\/span><span>Prima di approdare a scuola ha lavorato nell\u2019ambito della riabilitazione psicomotoria e della marginalit\u00e0 sociale.<\/span><\/p>\n<p>[\/et_pb_text][\/et_pb_column][\/et_pb_row][et_pb_row column_structure=&#8221;1_3,1_3,1_3&#8243; _builder_version=&#8221;4.9.7&#8243; _module_preset=&#8221;default&#8221;][et_pb_column type=&#8221;1_3&#8243; _builder_version=&#8221;4.9.7&#8243; _module_preset=&#8221;default&#8221;][et_pb_text _builder_version=&#8221;4.9.7&#8243; _module_preset=&#8221;default&#8221; text_text_color=&#8221;#360070&#8243; header_3_font=&#8221;Krona One|700|||||||&#8221; header_3_text_color=&#8221;#54D9CE&#8221;]<\/p>\n<h3><b>Maria Giachi<\/b><\/h3>\n<p><span style=\"font-weight: 400;\"><\/span><\/p>\n<p>I<span style=\"font-size: 16px;\">nsegnante di fisica e attrice di teatro per passione, ha riconosciuto in questo progetto due spinte identitarie: l&#8217;arte come mezzo di espressione individuale e collettivo, e la tensione politico-sociale, che da una necessaria riflessione critica degli archetipi della nostra societ\u00e0 approdi ad un quotidiano agire collettivo.<\/span><\/p>\n<p>[\/et_pb_text][\/et_pb_column][et_pb_column type=&#8221;1_3&#8243; _builder_version=&#8221;4.9.7&#8243; _module_preset=&#8221;default&#8221;][et_pb_text _builder_version=&#8221;4.9.7&#8243; _module_preset=&#8221;default&#8221; text_text_color=&#8221;#360070&#8243; header_3_font=&#8221;Krona One|700|||||||&#8221; header_3_text_color=&#8221;#54D9CE&#8221;]<\/p>\n<h3>Margherita Forgione<\/h3>\n<p><span style=\"font-weight: 400;\"><\/span><\/p>\n<p>Margherita Forgione, nata a Vercelli nel 1984, si occupa di salute mentale. Psicologa e facilitatrice, accompagna persone e gruppi in percorsi di consapevolezza e cambiamento, in diversi contesti. Da 6 anni consulente in ambito penale e penitenziario, con particolare focus sulla violenza in tutte le sue forme. Attiva in progetti di salute ambientale e partecipativi, ha fiducia nel potere trasformativo collettivo.<\/p>\n<p>[\/et_pb_text][\/et_pb_column][et_pb_column type=&#8221;1_3&#8243; _builder_version=&#8221;4.9.7&#8243; _module_preset=&#8221;default&#8221;][et_pb_text _builder_version=&#8221;4.9.7&#8243; _module_preset=&#8221;default&#8221; text_text_color=&#8221;#360070&#8243; header_3_font=&#8221;Krona One|700|||||||&#8221; header_3_text_color=&#8221;#54D9CE&#8221;]<\/p>\n<h3><b>Rosario Galano<\/b><\/h3>\n<p><span style=\"font-weight: 400;\"><\/span><\/p>\n<p><span>Nata nel 1992 a Buenos Aires &#8211; Argentina; scuola di vita tra i suoi angoli, un miscuglio di persone, manifestazioni, colori, progetti artistici collettivi, e con il petto e gli occhi aperti su ci\u00f2 che accade nelle strade.<\/span><br \/><span>Scenografa e artista visiva, laureata a Buenos Aires. Lavora nell&#8217;ambito del cinema e del teatro da 9 anni. Coinvolta specialmente in progetti indipendenti, dove il corpo, le idee e il cuore si fondono in un unico humus.<\/span><\/p>\n<p>[\/et_pb_text][\/et_pb_column][\/et_pb_row][et_pb_row column_structure=&#8221;1_3,1_3,1_3&#8243; _builder_version=&#8221;4.9.7&#8243; _module_preset=&#8221;default&#8221;][et_pb_column type=&#8221;1_3&#8243; _builder_version=&#8221;4.9.7&#8243; _module_preset=&#8221;default&#8221;][et_pb_text _builder_version=&#8221;4.9.7&#8243; _module_preset=&#8221;default&#8221; text_text_color=&#8221;#360070&#8243; header_3_font=&#8221;Krona One|700|||||||&#8221; header_3_text_color=&#8221;#54D9CE&#8221;]<\/p>\n<h3><b>Sergio Marchesini<\/b><\/h3>\n<p><span style=\"font-weight: 400;\"><\/span><\/p>\n<p><span style=\"font-weight: 400;\">Suona fisarmonica e pianoforte.<br \/><\/span><span style=\"font-weight: 400;\">Scrive e arrangia musica per il cinema, il teatro e la danza.<br \/><\/span><span style=\"font-weight: 400;\">Collabora come arrangiatore, musicista, autore a diversi progetti musicali legati alla canzone d\u2019autore, alla musica popolare e alla musica di improvvisazione.<\/span><\/p>\n<p>[\/et_pb_text][\/et_pb_column][et_pb_column type=&#8221;1_3&#8243; _builder_version=&#8221;4.9.7&#8243; _module_preset=&#8221;default&#8221;][et_pb_text _builder_version=&#8221;4.9.7&#8243; _module_preset=&#8221;default&#8221; text_text_color=&#8221;#360070&#8243; header_3_font=&#8221;Krona One|700|||||||&#8221; header_3_text_color=&#8221;#54D9CE&#8221;]<\/p>\n<h3><b>Stefania Rota<\/b><\/h3>\n<p><span style=\"font-weight: 400;\"><\/span><\/p>\n<p><span>\u00c8<\/span>\u00a0un&#8217;artista e ricercatrice che &#8211; partendo dall&#8217;osservazione ed analisi del presente &#8211; crea opere attraverso vari medium dove discipline come la filosofia, la psicologia, l&#8217;antropologia, le scienze naturali e la tecnologia si intrecciano in narrative che speculano su futuri possibili e realt\u00e0 parallele.<\/p>\n<p>[\/et_pb_text][\/et_pb_column][et_pb_column type=&#8221;1_3&#8243; _builder_version=&#8221;4.9.7&#8243; _module_preset=&#8221;default&#8221;][et_pb_text _builder_version=&#8221;4.9.7&#8243; _module_preset=&#8221;default&#8221; text_text_color=&#8221;#360070&#8243; header_3_font=&#8221;Krona One|700|||||||&#8221; header_3_text_color=&#8221;#54D9CE&#8221;]<\/p>\n<h3><b>Peppino Fragh\u00ec<\/b><\/h3>\n<p><span style=\"font-weight: 400;\"><\/span><\/p>\n<p>Sardo migrante con propositi di ritorno.<br \/>Classe 93. Laureato in psicologia senza velleit\u00e0 professionali.<br \/>Cuoco dom\u00e9stico, pubblico e a volte retribuito.<br \/>Fornaio da poco confuso da sempre.<br \/>Lettore disordinato.<\/p>\n<p>[\/et_pb_text][\/et_pb_column][\/et_pb_row][\/et_pb_section][et_pb_section fb_built=&#8221;1&#8243; admin_label=&#8221;Subscription Section&#8221; _builder_version=&#8221;4.9.7&#8243; background_image=&#8221;https:\/\/facingviolence.org\/wp-content\/uploads\/2023\/04\/footer-black4.jpg&#8221; background_position=&#8221;bottom_center&#8221; custom_padding=&#8221;8%|0px|8%|0px&#8221; locked=&#8221;off&#8221;][et_pb_row column_structure=&#8221;1_2,1_2&#8243; admin_label=&#8221;Subscription Row&#8221; _builder_version=&#8221;3.25&#8243; custom_padding=&#8221;|||&#8221;][et_pb_column type=&#8221;1_2&#8243; _builder_version=&#8221;3.25&#8243; custom_padding=&#8221;|||&#8221; custom_padding__hover=&#8221;|||&#8221;][\/et_pb_column][et_pb_column type=&#8221;1_2&#8243; _builder_version=&#8221;3.25&#8243; custom_padding=&#8221;|||&#8221; custom_padding__hover=&#8221;|||&#8221;][et_pb_text _builder_version=&#8221;4.9.7&#8243; _module_preset=&#8221;default&#8221; text_text_color=&#8221;#54D9CE&#8221; text_font_size=&#8221;19px&#8221; header_2_font=&#8221;Krona One||||||||&#8221; header_2_text_color=&#8221;#54D9CE&#8221; header_2_font_size=&#8221;70px&#8221; header_2_line_height=&#8221;1.2em&#8221; custom_margin_tablet=&#8221;|||46%|false|false&#8221; custom_margin_phone=&#8221;|||41%|false|false&#8221; custom_margin_last_edited=&#8221;on|tablet&#8221; hover_enabled=&#8221;0&#8243; text_font_size_tablet=&#8221;&#8221; text_font_size_phone=&#8221;16px&#8221; text_font_size_last_edited=&#8221;on|phone&#8221; header_2_font_size_tablet=&#8221;60px&#8221; header_2_font_size_phone=&#8221;32px&#8221; header_2_font_size_last_edited=&#8221;on|phone&#8221; sticky_enabled=&#8221;0&#8243;]<\/p>\n<h2>Scrivici<br \/>Scrivici<br \/>Scrivici<\/h2>\n<p>&nbsp;<\/p>\n<p><a href=\"mailto:info@facingviolence.org\" target=\"_blank\" rel=\"noopener\">info@facingviolence.org<\/a><\/p>\n<p>[\/et_pb_text][\/et_pb_column][\/et_pb_row][\/et_pb_section]<\/p>\n","protected":false},"excerpt":{"rendered":"<p>Nell\u2019intimit\u00e0 di una casa in una qualsiasi citt\u00e0 del mondo, \u00e8 possibile prestando il dovuto ascolto, cogliere il riecheggiare di voci sovrapposte che tessono la trama collettiva emozionante e a volte spiazzante del dire certe cose ad alta voce, senza provare paura di essere giudicate o considerate mancanti. Sei donne di et\u00e0, provenienza e formazioni [&hellip;]<\/p>\n","protected":false},"author":3,"featured_media":0,"parent":0,"menu_order":0,"comment_status":"closed","ping_status":"closed","template":"","meta":{"_et_pb_use_builder":"on","_et_pb_old_content":"","_et_gb_content_width":"","footnotes":""},"class_list":["post-143","page","type-page","status-publish","hentry"],"_links":{"self":[{"href":"https:\/\/facingviolence.org\/index.php?rest_route=\/wp\/v2\/pages\/143","targetHints":{"allow":["GET"]}}],"collection":[{"href":"https:\/\/facingviolence.org\/index.php?rest_route=\/wp\/v2\/pages"}],"about":[{"href":"https:\/\/facingviolence.org\/index.php?rest_route=\/wp\/v2\/types\/page"}],"author":[{"embeddable":true,"href":"https:\/\/facingviolence.org\/index.php?rest_route=\/wp\/v2\/users\/3"}],"replies":[{"embeddable":true,"href":"https:\/\/facingviolence.org\/index.php?rest_route=%2Fwp%2Fv2%2Fcomments&post=143"}],"version-history":[{"count":25,"href":"https:\/\/facingviolence.org\/index.php?rest_route=\/wp\/v2\/pages\/143\/revisions"}],"predecessor-version":[{"id":266,"href":"https:\/\/facingviolence.org\/index.php?rest_route=\/wp\/v2\/pages\/143\/revisions\/266"}],"wp:attachment":[{"href":"https:\/\/facingviolence.org\/index.php?rest_route=%2Fwp%2Fv2%2Fmedia&parent=143"}],"curies":[{"name":"wp","href":"https:\/\/api.w.org\/{rel}","templated":true}]}}